{"id":54290,"date":"2023-12-03T08:03:47","date_gmt":"2023-12-03T07:03:47","guid":{"rendered":"http:\/\/js-photo.fr\/acceuil\/?page_id=54290"},"modified":"2023-12-03T10:04:47","modified_gmt":"2023-12-03T09:04:47","slug":"cyclo-cross-du-bois-jo-2023-u17-u19-page-3","status":"publish","type":"page","link":"http:\/\/js-photo.fr\/acceuil\/cyclo-cross-du-bois-jo-2023-a-saint-herblain\/cyclo-cross-du-bois-jo-2023-u17-u19-page-3","title":{"rendered":"Cyclo-cross du Bois-Jo 2023 U17-U19 page 3"},"content":{"rendered":"\n<figure class=\"wp-block-gallery has-nested-images columns-1 is-cropped wp-block-gallery-2 is-layout-flex wp-block-gallery-is-layout-flex\">\n<figure class=\"wp-block-image size-large\"><img loading=\"lazy\" decoding=\"async\" width=\"826\" height=\"559\" data-id=\"54661\" src=\"http:\/\/js-photo.fr\/wp-content\/uploads\/2023\/12\/CycloUSSH20230342.jpg\" alt=\"\" class=\"wp-image-54661\" srcset=\"http:\/\/js-photo.fr\/wp-content\/uploads\/2023\/12\/CycloUSSH20230342.jpg 826w, http:\/\/js-photo.fr\/wp-content\/uploads\/2023\/12\/CycloUSSH20230342-768x520.jpg 768w\" sizes=\"auto, (max-width: 826px) 100vw, 826px\" \/><\/figure>\n\n\n\n<figure class=\"wp-block-image size-large\"><img loading=\"lazy\" decoding=\"async\" width=\"826\" height=\"559\" data-id=\"54663\" src=\"http:\/\/js-photo.fr\/wp-content\/uploads\/2023\/12\/CycloUSSH20230343.jpg\" alt=\"\" class=\"wp-image-54663\" srcset=\"http:\/\/js-photo.fr\/wp-content\/uploads\/2023\/12\/CycloUSSH20230343.jpg 826w, http:\/\/js-photo.fr\/wp-content\/uploads\/2023\/12\/CycloUSSH20230343-768x520.jpg 768w\" sizes=\"auto, (max-width: 826px) 100vw, 826px\" \/><\/figure>\n\n\n\n<figure class=\"wp-block-image size-large\"><img loading=\"lazy\" decoding=\"async\" width=\"826\" height=\"559\" data-id=\"54664\" src=\"http:\/\/js-photo.fr\/wp-content\/uploads\/2023\/12\/CycloUSSH20230344.jpg\" alt=\"\" class=\"wp-image-54664\" srcset=\"http:\/\/js-photo.fr\/wp-content\/uploads\/2023\/12\/CycloUSSH20230344.jpg 826w, http:\/\/js-photo.fr\/wp-content\/uploads\/2023\/12\/CycloUSSH20230344-768x520.jpg 768w\" sizes=\"auto, (max-width: 826px) 100vw, 826px\" \/><\/figure>\n\n\n\n<figure class=\"wp-block-image size-large\"><img loading=\"lazy\" decoding=\"async\" width=\"826\" height=\"559\" data-id=\"54662\" src=\"http:\/\/js-photo.fr\/wp-content\/uploads\/2023\/12\/CycloUSSH20230345.jpg\" alt=\"\" class=\"wp-image-54662\" srcset=\"http:\/\/js-photo.fr\/wp-content\/uploads\/2023\/12\/CycloUSSH20230345.jpg 826w, http:\/\/js-photo.fr\/wp-content\/uploads\/2023\/12\/CycloUSSH20230345-768x520.jpg 768w\" sizes=\"auto, (max-width: 826px) 100vw, 826px\" \/><\/figure>\n\n\n\n<figure class=\"wp-block-image size-large\"><img loading=\"lazy\" decoding=\"async\" width=\"826\" height=\"559\" data-id=\"54674\" src=\"http:\/\/js-photo.fr\/wp-content\/uploads\/2023\/12\/CycloUSSH20230346.jpg\" alt=\"\" class=\"wp-image-54674\" srcset=\"http:\/\/js-photo.fr\/wp-content\/uploads\/2023\/12\/CycloUSSH20230346.jpg 826w, http:\/\/js-photo.fr\/wp-content\/uploads\/2023\/12\/CycloUSSH20230346-768x520.jpg 768w\" sizes=\"auto, (max-width: 826px) 100vw, 826px\" \/><\/figure>\n\n\n\n<figure class=\"wp-block-image size-large\"><img loading=\"lazy\" decoding=\"async\" width=\"826\" height=\"559\" data-id=\"54666\" src=\"http:\/\/js-photo.fr\/wp-content\/uploads\/2023\/12\/CycloUSSH20230347.jpg\" alt=\"\" class=\"wp-image-54666\" srcset=\"http:\/\/js-photo.fr\/wp-content\/uploads\/2023\/12\/CycloUSSH20230347.jpg 826w, http:\/\/js-photo.fr\/wp-content\/uploads\/2023\/12\/CycloUSSH20230347-768x520.jpg 768w\" sizes=\"auto, (max-width: 826px) 100vw, 826px\" \/><\/figure>\n\n\n\n<figure class=\"wp-block-image size-large\"><img loading=\"lazy\" decoding=\"async\" width=\"826\" height=\"559\" data-id=\"54667\" src=\"http:\/\/js-photo.fr\/wp-content\/uploads\/2023\/12\/CycloUSSH20230348.jpg\" alt=\"\" class=\"wp-image-54667\" srcset=\"http:\/\/js-photo.fr\/wp-content\/uploads\/2023\/12\/CycloUSSH20230348.jpg 826w, http:\/\/js-photo.fr\/wp-content\/uploads\/2023\/12\/CycloUSSH20230348-768x520.jpg 768w\" sizes=\"auto, (max-width: 826px) 100vw, 826px\" \/><\/figure>\n\n\n\n<figure class=\"wp-block-image size-large\"><img loading=\"lazy\" decoding=\"async\" width=\"826\" height=\"559\" data-id=\"54668\" src=\"http:\/\/js-photo.fr\/wp-content\/uploads\/2023\/12\/CycloUSSH20230349.jpg\" alt=\"\" class=\"wp-image-54668\" srcset=\"http:\/\/js-photo.fr\/wp-content\/uploads\/2023\/12\/CycloUSSH20230349.jpg 826w, http:\/\/js-photo.fr\/wp-content\/uploads\/2023\/12\/CycloUSSH20230349-768x520.jpg 768w\" sizes=\"auto, (max-width: 826px) 100vw, 826px\" \/><\/figure>\n\n\n\n<figure class=\"wp-block-image size-large\"><img loading=\"lazy\" decoding=\"async\" width=\"826\" height=\"559\" data-id=\"54665\" src=\"http:\/\/js-photo.fr\/wp-content\/uploads\/2023\/12\/CycloUSSH20230350.jpg\" alt=\"\" class=\"wp-image-54665\" srcset=\"http:\/\/js-photo.fr\/wp-content\/uploads\/2023\/12\/CycloUSSH20230350.jpg 826w, http:\/\/js-photo.fr\/wp-content\/uploads\/2023\/12\/CycloUSSH20230350-768x520.jpg 768w\" sizes=\"auto, (max-width: 826px) 100vw, 826px\" \/><\/figure>\n\n\n\n<figure class=\"wp-block-image size-large\"><img loading=\"lazy\" decoding=\"async\" width=\"826\" height=\"559\" data-id=\"54670\" src=\"http:\/\/js-photo.fr\/wp-content\/uploads\/2023\/12\/CycloUSSH20230351.jpg\" alt=\"\" class=\"wp-image-54670\" srcset=\"http:\/\/js-photo.fr\/wp-content\/uploads\/2023\/12\/CycloUSSH20230351.jpg 826w, http:\/\/js-photo.fr\/wp-content\/uploads\/2023\/12\/CycloUSSH20230351-768x520.jpg 768w\" sizes=\"auto, (max-width: 826px) 100vw, 826px\" \/><\/figure>\n\n\n\n<figure class=\"wp-block-image size-large\"><img loading=\"lazy\" decoding=\"async\" width=\"826\" height=\"559\" data-id=\"54669\" src=\"http:\/\/js-photo.fr\/wp-content\/uploads\/2023\/12\/CycloUSSH20230352.jpg\" alt=\"\" class=\"wp-image-54669\" srcset=\"http:\/\/js-photo.fr\/wp-content\/uploads\/2023\/12\/CycloUSSH20230352.jpg 826w, http:\/\/js-photo.fr\/wp-content\/uploads\/2023\/12\/CycloUSSH20230352-768x520.jpg 768w\" sizes=\"auto, (max-width: 826px) 100vw, 826px\" \/><\/figure>\n\n\n\n<figure class=\"wp-block-image size-large\"><img loading=\"lazy\" decoding=\"async\" width=\"826\" height=\"559\" data-id=\"54673\" src=\"http:\/\/js-photo.fr\/wp-content\/uploads\/2023\/12\/CycloUSSH20230353.jpg\" alt=\"\" class=\"wp-image-54673\" srcset=\"http:\/\/js-photo.fr\/wp-content\/uploads\/2023\/12\/CycloUSSH20230353.jpg 826w, http:\/\/js-photo.fr\/wp-content\/uploads\/2023\/12\/CycloUSSH20230353-768x520.jpg 768w\" sizes=\"auto, (max-width: 826px) 100vw, 826px\" \/><\/figure>\n\n\n\n<figure class=\"wp-block-image size-large\"><img loading=\"lazy\" decoding=\"async\" width=\"826\" height=\"559\" data-id=\"54671\" src=\"http:\/\/js-photo.fr\/wp-content\/uploads\/2023\/12\/CycloUSSH20230354.jpg\" alt=\"\" class=\"wp-image-54671\" srcset=\"http:\/\/js-photo.fr\/wp-content\/uploads\/2023\/12\/CycloUSSH20230354.jpg 826w, http:\/\/js-photo.fr\/wp-content\/uploads\/2023\/12\/CycloUSSH20230354-768x520.jpg 768w\" sizes=\"auto, (max-width: 826px) 100vw, 826px\" \/><\/figure>\n<\/figure>\n\n\n\n<ul class=\"wp-block-list\">\n<li class=\"has-large-font-size\">Toutes les photos, plus de 700 r\u00e9parties comme suit :\n<ul class=\"wp-block-list\">\n<li class=\"has-large-font-size\">Cat\u00e9gories moins de U15 : 180 photos r\u00e9parties en 3 pages :\n<ul class=\"wp-block-list\">\n<li class=\"has-large-font-size\"><a href=\"http:\/\/js-photo.fr\/acceuil\/cyclo-cross-du-bois-jo-2023-moins-de-u15-page-1\" data-type=\"page\" data-id=\"54280\">Cyclo-cross du Bois-Jo 2023 moins de U15  page 1<\/a><\/li>\n\n\n\n<li class=\"has-large-font-size\"><a href=\"http:\/\/js-photo.fr\/acceuil\/cyclo-cross-du-bois-jo-2023-moins-de-u15-page-2\" data-type=\"page\" data-id=\"54282\">Cyclo-cross du Bois-Jo 2023 moins de U15 page 2<\/a><\/li>\n\n\n\n<li class=\"has-large-font-size\"><a href=\"http:\/\/js-photo.fr\/acceuil\/cyclo-cross-du-bois-jo-2023-moins-de-u15-page-3\" data-type=\"page\" data-id=\"54284\">Cyclo-cross du Bois-Jo 2023 moins de U15 page 3<\/a><\/li>\n<\/ul>\n<\/li>\n\n\n\n<li class=\"has-large-font-size\">Cat\u00e9gories U17 \u00e0 U19 : 173 photos r\u00e9parties en 3 pages :\n<ul class=\"wp-block-list\">\n<li class=\"has-large-font-size\"><a href=\"http:\/\/js-photo.fr\/acceuil\/cyclo-cross-du-bois-jo-2023-u17-u19-page-1\" data-type=\"page\" data-id=\"54286\">Cyclo-cross du Bois-Jo 2023 U17-U19 page 1<\/a><\/li>\n\n\n\n<li class=\"has-large-font-size\"><a href=\"http:\/\/js-photo.fr\/acceuil\/cyclo-cross-du-bois-jo-2023-u17-u19-page-2\" data-type=\"page\" data-id=\"54288\">Cyclo-cross du Bois-Jo 2023 U17-U19 page 2<\/a><\/li>\n\n\n\n<li class=\"has-large-font-size\"><a href=\"http:\/\/js-photo.fr\/acceuil\/cyclo-cross-du-bois-jo-2023-u17-u19-page-3\" data-type=\"page\" data-id=\"54290\">Cyclo-cross du Bois-Jo 2023 U17-U19 page 3<\/a><\/li>\n<\/ul>\n<\/li>\n\n\n\n<li class=\"has-large-font-size\">Cat\u00e9gories U23 et S\u00e9niors : 420 photos r\u00e9parties en 6 pages :\n<ul class=\"wp-block-list\">\n<li class=\"has-large-font-size\"><a href=\"http:\/\/js-photo.fr\/acceuil\/cyclo-cross-du-bois-jo-2023-u23-et-seniors-page-1\" data-type=\"page\" data-id=\"54292\">Cyclo-cross du Bois-Jo 2023 U23 et S\u00e9niors page 1<\/a><\/li>\n\n\n\n<li class=\"has-large-font-size\"><a href=\"http:\/\/js-photo.fr\/acceuil\/cyclo-cross-du-bois-jo-2023-u23-et-seniors-page-2\" data-type=\"page\" data-id=\"54294\">Cyclo-cross du Bois-Jo 2023 U23 et S\u00e9niors page 2<\/a><\/li>\n\n\n\n<li class=\"has-large-font-size\"><a href=\"http:\/\/js-photo.fr\/acceuil\/cyclo-cross-du-bois-jo-2023-u23-et-seniors-page-3\" data-type=\"page\" data-id=\"54296\">Cyclo-cross du Bois-Jo 2023 U23 et S\u00e9niors page 3<\/a><\/li>\n\n\n\n<li class=\"has-large-font-size\"><a href=\"http:\/\/js-photo.fr\/acceuil\/cyclo-cross-du-bois-jo-2023-u23-et-seniors-page-4\" data-type=\"page\" data-id=\"54298\">Cyclo-cross du Bois-Jo 2023 U23 et S\u00e9niors page 4<\/a><\/li>\n\n\n\n<li class=\"has-large-font-size\"><a href=\"http:\/\/js-photo.fr\/acceuil\/cyclo-cross-du-bois-jo-2023-u23-et-seniors-page-5\" data-type=\"page\" data-id=\"54300\">Cyclo-cross du Bois-Jo 2023 U23 et S\u00e9niors page 5<\/a><\/li>\n\n\n\n<li class=\"has-large-font-size\"><a href=\"http:\/\/js-photo.fr\/acceuil\/cyclo-cross-du-bois-jo-2023-u23-et-seniors-page-6\" data-type=\"page\" data-id=\"54302\">Cyclo-cross du Bois-Jo 2023 U23 et S\u00e9niors page 6<\/a><\/li>\n<\/ul>\n<\/li>\n<\/ul>\n<\/li>\n<\/ul>\n","protected":false},"excerpt":{"rendered":"","protected":false},"author":1,"featured_media":0,"parent":54275,"menu_order":6,"comment_status":"open","ping_status":"closed","template":"","meta":{"footnotes":""},"class_list":["post-54290","page","type-page","status-publish","hentry"],"_links":{"self":[{"href":"http:\/\/js-photo.fr\/acceuil\/wp-json\/wp\/v2\/pages\/54290","targetHints":{"allow":["GET"]}}],"collection":[{"href":"http:\/\/js-photo.fr\/acceuil\/wp-json\/wp\/v2\/pages"}],"about":[{"href":"http:\/\/js-photo.fr\/acceuil\/wp-json\/wp\/v2\/types\/page"}],"author":[{"embeddable":true,"href":"http:\/\/js-photo.fr\/acceuil\/wp-json\/wp\/v2\/users\/1"}],"replies":[{"embeddable":true,"href":"http:\/\/js-photo.fr\/acceuil\/wp-json\/wp\/v2\/comments?post=54290"}],"version-history":[{"count":2,"href":"http:\/\/js-photo.fr\/acceuil\/wp-json\/wp\/v2\/pages\/54290\/revisions"}],"predecessor-version":[{"id":54675,"href":"http:\/\/js-photo.fr\/acceuil\/wp-json\/wp\/v2\/pages\/54290\/revisions\/54675"}],"up":[{"embeddable":true,"href":"http:\/\/js-photo.fr\/acceuil\/wp-json\/wp\/v2\/pages\/54275"}],"wp:attachment":[{"href":"http:\/\/js-photo.fr\/acceuil\/wp-json\/wp\/v2\/media?parent=54290"}],"curies":[{"name":"wp","href":"https:\/\/api.w.org\/{rel}","templated":true}]}}